{"id":3449,"date":"2024-08-02T15:33:51","date_gmt":"2024-08-02T13:33:51","guid":{"rendered":"https:\/\/www.fspolitik.de\/?page_id=3449"},"modified":"2025-05-12T20:25:37","modified_gmt":"2025-05-12T18:25:37","slug":"aktuelles","status":"publish","type":"page","link":"https:\/\/www.fspolitik.de\/","title":{"rendered":"Aktuelles"},"content":{"rendered":"\n<p>Instagram: <a href=\"https:\/\/www.instagram.com\/fachschaftpolitik.unifreiburg\/\" target=\"_blank\" rel=\"noreferrer noopener\">@fachschaftpolitik.unifreiburg<\/a><\/p>\n\n\n\n<figure class=\"wp-block-table\"><table class=\"has-fixed-layout\"><tbody><tr><td><div id=\"wpsr-ig-feed-3653\" class=\"wpsr-ig-feed-wrapper wpsr-feed-wrap wpsr_content wpsr-ig-feed-template2 wpsr-ig-feed-template-3653  \"   data-column=\"6\"><div class=\"wpsr-container wpsr-insta-feed-3653\">\n<div class=\"wpsr-ig-feed-wrapper-inner\"><div class=\"wpsr-row wpsr-ig-all-feed wpsr_feeds wpsr-column-gap-wider\"><div class=\"wpsr-mb-30 wpsr-col-6 wpsr-col-sm-4 wpsr-col-xs-12\">            <div role=\"group\" class=\"wpsr-ig-post wpsr-image-ratio-classic \" data-post_id=\"18295818274276711\" data-user_name=\"fachschaftpolitik.unifreiburg\" data-image_size=\"full\">\n                <a class=\"wpsr-ig-playmode\"                    target=\"\"\n                   data-index=\"0\"\n                   data-playmode=\"none\"\n                   data-template-id=\"3653\"\n                   data-user_name=\"fachschaftpolitik.unifreiburg\" data-post_id=\"18295818274276711\" \n                   data-image_size=\"full\"\n                   data-optimized_images=\"true\"\n                   rel=\"noopener noreferrer\"\n                >\n                    <div class=\"wpsr-ig-post-media  IMAGE\"\n     id=\"wpsr-video-play-0\">\n\n    \n    \n    \n            <img decoding=\"async\" class=\"wpsr-ig-post-img wpsr-show\" \n             src=\"https:\/\/www.fspolitik.de\/wp-content\/uploads\/wp-social-ninja\/instagram\/fachschaftpolitik.unifreiburg\/18295818274276711_full.jpg\" \n             alt=\"kommt vorbei &amp; bringt gerne was kleines wie kekse oder snacks mit, wir freuen uns auf euch!! \ud83c\udf84\u2b50\ufe0f\" \n             loading=\"lazy\">\n    \n    <\/div>\n                <\/a>\n\n                \n                                    <div class=\"wpsr-ig-post-info\">\n                        <div class=\"wpsr-ig-post-caption\">\n        <p class=\"wpsr-ig-post-caption-text\">\n            kommt vorbei &amp; bringt gerne was kleines wie kekse oder snacks mit, wir freuen uns auf euch!! \ud83c\udf84\u2b50\ufe0f        <\/p>\n    <\/div>\n                    <\/div>\n                            <\/div>\n                            <\/div>\n                        <div class=\"wpsr-mb-30 wpsr-col-6 wpsr-col-sm-4 wpsr-col-xs-12\">            <div role=\"group\" class=\"wpsr-ig-post wpsr-image-ratio-classic \" data-post_id=\"18127842820445227\" data-user_name=\"fachschaftpolitik.unifreiburg\" data-image_size=\"full\">\n                <a class=\"wpsr-ig-playmode\"                    target=\"\"\n                   data-index=\"1\"\n                   data-playmode=\"none\"\n                   data-template-id=\"3653\"\n                   data-user_name=\"fachschaftpolitik.unifreiburg\" data-post_id=\"18127842820445227\" \n                   data-image_size=\"full\"\n                   data-optimized_images=\"true\"\n                   rel=\"noopener noreferrer\"\n                >\n                    <div class=\"wpsr-ig-post-media  IMAGE\"\n     id=\"wpsr-video-play-1\">\n\n    \n    \n    \n            <img decoding=\"async\" class=\"wpsr-ig-post-img wpsr-show\" \n             src=\"https:\/\/www.fspolitik.de\/wp-content\/uploads\/wp-social-ninja\/instagram\/fachschaftpolitik.unifreiburg\/18127842820445227_full.jpg\" \n             alt=\"reisegruppe politik wird zu wanderm\u00e4usen, stark\u00f6ch*innen &amp; katzenexpert*innen \u2013 ein paar einblicke in unsere erstih\u00fctte \ud83d\uded6\u2600\ufe0f\" \n             loading=\"lazy\">\n    \n            <div class=\"wpsr-ig-post-type-icon wpsr-ig-post-type-CAROUSEL_ALBUM\"><\/div>\n    <\/div>\n                <\/a>\n\n                \n                                    <div class=\"wpsr-ig-post-info\">\n                        <div class=\"wpsr-ig-post-caption\">\n        <p class=\"wpsr-ig-post-caption-text\">\n            reisegruppe politik wird zu wanderm\u00e4usen, stark\u00f6ch*innen &amp; katzenexpert*innen \u2013 ein paar einblicke in unsere erstih\u00fctte \ud83d\uded6\u2600\ufe0f        <\/p>\n    <\/div>\n                    <\/div>\n                            <\/div>\n                            <\/div>\n                        <div class=\"wpsr-mb-30 wpsr-col-6 wpsr-col-sm-4 wpsr-col-xs-12\">            <div role=\"group\" class=\"wpsr-ig-post wpsr-image-ratio-classic \" data-post_id=\"17951605245040827\" data-user_name=\"fachschaftpolitik.unifreiburg\" data-image_size=\"full\">\n                <a class=\"wpsr-ig-playmode\"                    target=\"\"\n                   data-index=\"2\"\n                   data-playmode=\"none\"\n                   data-template-id=\"3653\"\n                   data-user_name=\"fachschaftpolitik.unifreiburg\" data-post_id=\"17951605245040827\" \n                   data-image_size=\"full\"\n                   data-optimized_images=\"true\"\n                   rel=\"noopener noreferrer\"\n                >\n                    <div class=\"wpsr-ig-post-media  IMAGE\"\n     id=\"wpsr-video-play-2\">\n\n    \n    \n    \n            <img decoding=\"async\" class=\"wpsr-ig-post-img wpsr-show\" \n             src=\"https:\/\/www.fspolitik.de\/wp-content\/uploads\/wp-social-ninja\/instagram\/fachschaftpolitik.unifreiburg\/17951605245040827_full.jpg\" \n             alt=\"spiele, pyramiden, lecker bierchen und ganz viel spa\u00df - wir hoffen, ihr hattet eine wundervolle erstiwoche &amp; einen guten start ins wintersemester 2025\/26 \u2b50\ufe0f\ud83c\udf7b\ud83c\udf93\" \n             loading=\"lazy\">\n    \n            <div class=\"wpsr-ig-post-type-icon wpsr-ig-post-type-CAROUSEL_ALBUM\"><\/div>\n    <\/div>\n                <\/a>\n\n                \n                                    <div class=\"wpsr-ig-post-info\">\n                        <div class=\"wpsr-ig-post-caption\">\n        <p class=\"wpsr-ig-post-caption-text\">\n            spiele, pyramiden, lecker bierchen und ganz viel spa\u00df - wir hoffen, ihr hattet eine wundervolle erstiwoche &amp; einen guten start ins wintersemester 2025\/26 \u2b50\ufe0f\ud83c\udf7b\ud83c\udf93        <\/p>\n    <\/div>\n                    <\/div>\n                            <\/div>\n                            <\/div>\n                        <div class=\"wpsr-mb-30 wpsr-col-6 wpsr-col-sm-4 wpsr-col-xs-12\">            <div role=\"group\" class=\"wpsr-ig-post wpsr-image-ratio-classic \" data-post_id=\"18072071072233451\" data-user_name=\"fachschaftpolitik.unifreiburg\" data-image_size=\"full\">\n                <a class=\"wpsr-ig-playmode\"                    target=\"\"\n                   data-index=\"3\"\n                   data-playmode=\"none\"\n                   data-template-id=\"3653\"\n                   data-user_name=\"fachschaftpolitik.unifreiburg\" data-post_id=\"18072071072233451\" \n                   data-image_size=\"full\"\n                   data-optimized_images=\"true\"\n                   rel=\"noopener noreferrer\"\n                >\n                    <div class=\"wpsr-ig-post-media  IMAGE\"\n     id=\"wpsr-video-play-3\">\n\n    \n    \n    \n            <img decoding=\"async\" class=\"wpsr-ig-post-img wpsr-show\" \n             src=\"https:\/\/www.fspolitik.de\/wp-content\/uploads\/wp-social-ninja\/instagram\/fachschaftpolitik.unifreiburg\/18072071072233451_full.jpg\" \n             alt=\"Hier kommt das Programm f\u00fcr die Ersti-Woche 2025 \ud83c\udf89\nBitte meldet euch f\u00fcr die Veranstaltung in der myUFR-App an. Wir freuen uns auf euch !\" \n             loading=\"lazy\">\n    \n            <div class=\"wpsr-ig-post-type-icon wpsr-ig-post-type-CAROUSEL_ALBUM\"><\/div>\n    <\/div>\n                <\/a>\n\n                \n                                    <div class=\"wpsr-ig-post-info\">\n                        <div class=\"wpsr-ig-post-caption\">\n        <p class=\"wpsr-ig-post-caption-text\">\n            Hier kommt das Programm f\u00fcr die Ersti-Woche 2025 \ud83c\udf89<br \/>\nBitte meldet euch f\u00fcr die Veranstaltung in der myUFR-App an. Wir freuen uns auf euch !        <\/p>\n    <\/div>\n                    <\/div>\n                            <\/div>\n                            <\/div>\n                        <div class=\"wpsr-mb-30 wpsr-col-6 wpsr-col-sm-4 wpsr-col-xs-12\">            <div role=\"group\" class=\"wpsr-ig-post wpsr-image-ratio-classic \" data-post_id=\"17849311227495945\" data-user_name=\"fachschaftpolitik.unifreiburg\" data-image_size=\"full\">\n                <a class=\"wpsr-ig-playmode\"                    target=\"\"\n                   data-index=\"4\"\n                   data-playmode=\"none\"\n                   data-template-id=\"3653\"\n                   data-user_name=\"fachschaftpolitik.unifreiburg\" data-post_id=\"17849311227495945\" \n                   data-image_size=\"full\"\n                   data-optimized_images=\"true\"\n                   rel=\"noopener noreferrer\"\n                >\n                    <div class=\"wpsr-ig-post-media  IMAGE\"\n     id=\"wpsr-video-play-4\">\n\n    \n    \n    \n            <img decoding=\"async\" class=\"wpsr-ig-post-img wpsr-show\" \n             src=\"https:\/\/www.fspolitik.de\/wp-content\/uploads\/wp-social-ninja\/instagram\/fachschaftpolitik.unifreiburg\/17849311227495945_full.jpg\" \n             alt=\"\ud83d\uddf3\ufe0f Es ist wieder soweit! \nDie Uniwahlen stehen vor der T\u00fcr und wir brauchen eure Unterst\u00fctzung ! \nStimmt vom 24.06 bis zum 30.06 online ab und w\u00e4hlt uns in den Fakult\u00e4tsrat der Philosophischen Fakult\u00e4t. \nEure Stimme z\u00e4hlt !\nDen Link zur Wahl findet ihr in unserer Bio \u2728\" \n             loading=\"lazy\">\n    \n    <\/div>\n                <\/a>\n\n                \n                                    <div class=\"wpsr-ig-post-info\">\n                        <div class=\"wpsr-ig-post-caption\">\n        <p class=\"wpsr-ig-post-caption-text\">\n            \ud83d\uddf3\ufe0f Es ist wieder soweit! <br \/>\nDie Uniwahlen stehen vor der T\u00fcr und wir brauchen eure Unterst\u00fctzung ! <br \/>\nStimmt vom 24.06 bis zum 30.06 online ab und w\u00e4hlt uns in den Fakult\u00e4tsrat der Philosophischen Fakult\u00e4t. <br \/>\nEure Stimme z\u00e4hlt !<br \/>\nDen Link zur Wahl findet ihr in unserer Bio \u2728        <\/p>\n    <\/div>\n                    <\/div>\n                            <\/div>\n                            <\/div>\n                        <div class=\"wpsr-mb-30 wpsr-col-6 wpsr-col-sm-4 wpsr-col-xs-12\">            <div role=\"group\" class=\"wpsr-ig-post wpsr-image-ratio-classic \" data-post_id=\"18091565593474891\" data-user_name=\"fachschaftpolitik.unifreiburg\" data-image_size=\"full\">\n                <a class=\"wpsr-ig-playmode\"                    target=\"\"\n                   data-index=\"5\"\n                   data-playmode=\"none\"\n                   data-template-id=\"3653\"\n                   data-user_name=\"fachschaftpolitik.unifreiburg\" data-post_id=\"18091565593474891\" \n                   data-image_size=\"full\"\n                   data-optimized_images=\"true\"\n                   rel=\"noopener noreferrer\"\n                >\n                    <div class=\"wpsr-ig-post-media  IMAGE\"\n     id=\"wpsr-video-play-5\">\n\n    \n    \n    \n            <img decoding=\"async\" class=\"wpsr-ig-post-img wpsr-show\" \n             src=\"https:\/\/www.fspolitik.de\/wp-content\/uploads\/wp-social-ninja\/instagram\/fachschaftpolitik.unifreiburg\/18091565593474891_full.jpg\" \n             alt=\"Liebe Studierende der Politikwissenschaft, \n\ngerade wird der Lehrstuhl *\u201ePolitik und Governance der Europ\u00e4ischen Union\u201d* neu besetzt.\n\nDaf\u00fcr gibt es am *30 und 31. Januar Lehrproben*, an denen wir teilnehmen k\u00f6nnen.\n\nHier haben wir den meisten Einfluss, den wir k\u00f6nnen die Kandidat*innen kennenlernen und ihre Lehre beurteilen. Die Lehrproben werden explizit daf\u00fcr gehalten.\n\nDie Lehrproben bestehen aus *30 min. Seminar* und 10 min. Diskussion. \n\nDie Belegung der n\u00e4chste Professur ist unglaublich wichtig, denn sie beeinflusst die Lehre am Seminars langfristig und hier k\u00f6nnen wir vielf\u00e4ltige studentische Stimmen mit einbinden. Das ist die wichtigste M\u00f6glichkeit unsere Meinung in diesem Prozess geltend zu machen, in dem Studierende eigentlich systematisch unterrepr\u00e4sentiert sind. \n\nLiebe Gr\u00fc\u00dfe, \n\nEure Stimme in der Berufungskommission, Elodie\" \n             loading=\"lazy\">\n    \n            <div class=\"wpsr-ig-post-type-icon wpsr-ig-post-type-CAROUSEL_ALBUM\"><\/div>\n    <\/div>\n                <\/a>\n\n                \n                                    <div class=\"wpsr-ig-post-info\">\n                        <div class=\"wpsr-ig-post-caption\">\n        <p class=\"wpsr-ig-post-caption-text\">\n            Liebe Studierende der Politikwissenschaft, <br \/>\n<br \/>\ngerade wird der Lehrstuhl *\u201ePolitik und Governance der Europ\u00e4ischen Union\u201d* neu besetzt.<br \/>\n<br \/>\nDaf\u00fcr gibt es am *30 und 31. Januar Lehrproben*, an denen wir teilnehmen k\u00f6nnen.<br \/>\n<br \/>\nHier haben wir den meisten Einfluss, den wir k\u00f6nnen die Kandidat*innen kennenlernen und ihre Lehre beurteilen. Die Lehrproben werden explizit daf\u00fcr gehalten.<br \/>\n<br \/>\nDie Lehrproben bestehen aus *30 min. Seminar* und 10 min. Diskussion. <br \/>\n<br \/>\nDie Belegung der n\u00e4chste Professur ist unglaublich wichtig, denn sie beeinflusst die Lehre am Seminars langfristig und hier k\u00f6nnen wir vielf\u00e4ltige studentische Stimmen mit einbinden. Das ist die wichtigste M\u00f6glichkeit unsere Meinung in diesem Prozess geltend zu machen, in dem Studierende eigentlich systematisch unterrepr\u00e4sentiert sind. <br \/>\n<br \/>\nLiebe Gr\u00fc\u00dfe, <br \/>\n<br \/>\nEure Stimme in der Berufungskommission, Elodie        <\/p>\n    <\/div>\n                    <\/div>\n                            <\/div>\n                            <\/div>\n                        <div class=\"wpsr-mb-30 wpsr-col-6 wpsr-col-sm-4 wpsr-col-xs-12\">            <div role=\"group\" class=\"wpsr-ig-post wpsr-image-ratio-classic \" data-post_id=\"17915877873015939\" data-user_name=\"fachschaftpolitik.unifreiburg\" data-image_size=\"full\">\n                <a class=\"wpsr-ig-playmode\"                    target=\"\"\n                   data-index=\"6\"\n                   data-playmode=\"none\"\n                   data-template-id=\"3653\"\n                   data-user_name=\"fachschaftpolitik.unifreiburg\" data-post_id=\"17915877873015939\" \n                   data-image_size=\"full\"\n                   data-optimized_images=\"true\"\n                   rel=\"noopener noreferrer\"\n                >\n                    <div class=\"wpsr-ig-post-media  IMAGE\"\n     id=\"wpsr-video-play-6\">\n\n    \n    \n    \n            <img decoding=\"async\" class=\"wpsr-ig-post-img wpsr-show\" \n             src=\"https:\/\/www.fspolitik.de\/wp-content\/uploads\/wp-social-ninja\/instagram\/fachschaftpolitik.unifreiburg\/17915877873015939_full.jpg\" \n             alt=\"Markiert euch den Termin und kommt vorbei \u2013 wir freuen uns !\u2728\u2744\ufe0f\nEure Powi-Mausis\ud83e\udef6\ud83c\udffc\u26c4\ufe0f\" \n             loading=\"lazy\">\n    \n            <div class=\"wpsr-ig-post-type-icon wpsr-ig-post-type-CAROUSEL_ALBUM\"><\/div>\n    <\/div>\n                <\/a>\n\n                \n                                    <div class=\"wpsr-ig-post-info\">\n                        <div class=\"wpsr-ig-post-caption\">\n        <p class=\"wpsr-ig-post-caption-text\">\n            Markiert euch den Termin und kommt vorbei \u2013 wir freuen uns !\u2728\u2744\ufe0f<br \/>\nEure Powi-Mausis\ud83e\udef6\ud83c\udffc\u26c4\ufe0f        <\/p>\n    <\/div>\n                    <\/div>\n                            <\/div>\n                            <\/div>\n                        <div class=\"wpsr-mb-30 wpsr-col-6 wpsr-col-sm-4 wpsr-col-xs-12\">            <div role=\"group\" class=\"wpsr-ig-post wpsr-image-ratio-classic \" data-post_id=\"17930957687958500\" data-user_name=\"fachschaftpolitik.unifreiburg\" data-image_size=\"full\">\n                <a class=\"wpsr-ig-playmode\"                    target=\"\"\n                   data-index=\"7\"\n                   data-playmode=\"none\"\n                   data-template-id=\"3653\"\n                   data-user_name=\"fachschaftpolitik.unifreiburg\" data-post_id=\"17930957687958500\" \n                   data-image_size=\"full\"\n                   data-optimized_images=\"true\"\n                   rel=\"noopener noreferrer\"\n                >\n                    <div class=\"wpsr-ig-post-media  IMAGE\"\n     id=\"wpsr-video-play-7\">\n\n    \n    \n    \n            <img decoding=\"async\" class=\"wpsr-ig-post-img wpsr-show\" \n             src=\"https:\/\/www.fspolitik.de\/wp-content\/uploads\/wp-social-ninja\/instagram\/fachschaftpolitik.unifreiburg\/17930957687958500_full.jpg\" \n             alt=\"Wir schauen auf eine tolle Ersti-H\u00fctte zur\u00fcck \ud83d\udc2d\ud83d\udc95\" \n             loading=\"lazy\">\n    \n            <div class=\"wpsr-ig-post-type-icon wpsr-ig-post-type-CAROUSEL_ALBUM\"><\/div>\n    <\/div>\n                <\/a>\n\n                \n                                    <div class=\"wpsr-ig-post-info\">\n                        <div class=\"wpsr-ig-post-caption\">\n        <p class=\"wpsr-ig-post-caption-text\">\n            Wir schauen auf eine tolle Ersti-H\u00fctte zur\u00fcck \ud83d\udc2d\ud83d\udc95        <\/p>\n    <\/div>\n                    <\/div>\n                            <\/div>\n                            <\/div>\n                        <div class=\"wpsr-mb-30 wpsr-col-6 wpsr-col-sm-4 wpsr-col-xs-12\">            <div role=\"group\" class=\"wpsr-ig-post wpsr-image-ratio-classic \" data-post_id=\"18013017227437888\" data-user_name=\"fachschaftpolitik.unifreiburg\" data-image_size=\"full\">\n                <a class=\"wpsr-ig-playmode\"                    target=\"\"\n                   data-index=\"8\"\n                   data-playmode=\"none\"\n                   data-template-id=\"3653\"\n                   data-user_name=\"fachschaftpolitik.unifreiburg\" data-post_id=\"18013017227437888\" \n                   data-image_size=\"full\"\n                   data-optimized_images=\"true\"\n                   rel=\"noopener noreferrer\"\n                >\n                    <div class=\"wpsr-ig-post-media  IMAGE\"\n     id=\"wpsr-video-play-8\">\n\n    \n    \n    \n            <img decoding=\"async\" class=\"wpsr-ig-post-img wpsr-show\" \n             src=\"https:\/\/www.fspolitik.de\/wp-content\/uploads\/wp-social-ninja\/instagram\/fachschaftpolitik.unifreiburg\/18013017227437888_full.jpg\" \n             alt=\"Powi Party- Lauter Krach, wir feiern die ganze Nacht! \nEs wird laut, es wird Zeit! \nDie DJs heizen m\u00e4chtig ein, mit fetten Bass und Sound allein!\u2728\ud83e\udea9\" \n             loading=\"lazy\">\n    \n            <div class=\"wpsr-ig-post-type-icon wpsr-ig-post-type-CAROUSEL_ALBUM\"><\/div>\n    <\/div>\n                <\/a>\n\n                \n                                    <div class=\"wpsr-ig-post-info\">\n                        <div class=\"wpsr-ig-post-caption\">\n        <p class=\"wpsr-ig-post-caption-text\">\n            Powi Party- Lauter Krach, wir feiern die ganze Nacht! <br \/>\nEs wird laut, es wird Zeit! <br \/>\nDie DJs heizen m\u00e4chtig ein, mit fetten Bass und Sound allein!\u2728\ud83e\udea9        <\/p>\n    <\/div>\n                    <\/div>\n                            <\/div>\n                            <\/div>\n                        <div class=\"wpsr-mb-30 wpsr-col-6 wpsr-col-sm-4 wpsr-col-xs-12\">            <div role=\"group\" class=\"wpsr-ig-post wpsr-image-ratio-classic \" data-post_id=\"18124709017388403\" data-user_name=\"fachschaftpolitik.unifreiburg\" data-image_size=\"full\">\n                <a class=\"wpsr-ig-playmode\"                    target=\"\"\n                   data-index=\"9\"\n                   data-playmode=\"none\"\n                   data-template-id=\"3653\"\n                   data-user_name=\"fachschaftpolitik.unifreiburg\" data-post_id=\"18124709017388403\" \n                   data-image_size=\"full\"\n                   data-optimized_images=\"true\"\n                   rel=\"noopener noreferrer\"\n                >\n                    <div class=\"wpsr-ig-post-media  IMAGE\"\n     id=\"wpsr-video-play-9\">\n\n    \n    \n    \n            <img decoding=\"async\" class=\"wpsr-ig-post-img wpsr-show\" \n             src=\"https:\/\/www.fspolitik.de\/wp-content\/uploads\/wp-social-ninja\/instagram\/fachschaftpolitik.unifreiburg\/18124709017388403_full.jpg\" \n             alt=\"Sichert euch euer Ticket f\u00fcr die PoWi Party beim Vorverkauf \u2728\ud83e\udea9\" \n             loading=\"lazy\">\n    \n    <\/div>\n                <\/a>\n\n                \n                                    <div class=\"wpsr-ig-post-info\">\n                        <div class=\"wpsr-ig-post-caption\">\n        <p class=\"wpsr-ig-post-caption-text\">\n            Sichert euch euer Ticket f\u00fcr die PoWi Party beim Vorverkauf \u2728\ud83e\udea9        <\/p>\n    <\/div>\n                    <\/div>\n                            <\/div>\n                            <\/div>\n                        <\/div><div class=\"wpsr-ig-footer wpsr-row \"><\/div><\/div><\/div><\/div><\/td><\/tr><\/tbody><\/table><figcaption class=\"wp-element-caption\">Mehr gibt es auf Instagram: <a href=\"https:\/\/www.instagram.com\/fachschaftpolitik.unifreiburg\/\" target=\"_blank\" rel=\"noreferrer noopener\">@fachschaftpolitik.unifreiburg<\/a><\/figcaption><\/figure>\n\n\n\n<p><\/p>\n\n\n\n<p><\/p>\n","protected":false},"excerpt":{"rendered":"<p>Instagram: @fachschaftpolitik.unifreiburg Mehr gibt es auf Instagram: @fachschaftpolitik.unifreiburg<\/p>\n","protected":false},"author":16,"featured_media":0,"parent":0,"menu_order":0,"comment_status":"closed","ping_status":"closed","template":"","meta":{"iawp_total_views":1987,"footnotes":""},"class_list":["post-3449","page","type-page","status-publish","hentry"],"_links":{"self":[{"href":"https:\/\/www.fspolitik.de\/index.php?rest_route=\/wp\/v2\/pages\/3449","targetHints":{"allow":["GET"]}}],"collection":[{"href":"https:\/\/www.fspolitik.de\/index.php?rest_route=\/wp\/v2\/pages"}],"about":[{"href":"https:\/\/www.fspolitik.de\/index.php?rest_route=\/wp\/v2\/types\/page"}],"author":[{"embeddable":true,"href":"https:\/\/www.fspolitik.de\/index.php?rest_route=\/wp\/v2\/users\/16"}],"replies":[{"embeddable":true,"href":"https:\/\/www.fspolitik.de\/index.php?rest_route=%2Fwp%2Fv2%2Fcomments&post=3449"}],"version-history":[{"count":15,"href":"https:\/\/www.fspolitik.de\/index.php?rest_route=\/wp\/v2\/pages\/3449\/revisions"}],"predecessor-version":[{"id":3654,"href":"https:\/\/www.fspolitik.de\/index.php?rest_route=\/wp\/v2\/pages\/3449\/revisions\/3654"}],"wp:attachment":[{"href":"https:\/\/www.fspolitik.de\/index.php?rest_route=%2Fwp%2Fv2%2Fmedia&parent=3449"}],"curies":[{"name":"wp","href":"https:\/\/api.w.org\/{rel}","templated":true}]}}